{"id":60,"date":"2022-10-10T21:35:03","date_gmt":"2022-10-11T00:35:03","guid":{"rendered":"https:\/\/www.bu.ufmg.br\/bcentral\/?page_id=60"},"modified":"2024-09-20T10:56:50","modified_gmt":"2024-09-20T13:56:50","slug":"renovacao","status":"publish","type":"page","link":"https:\/\/www.bu.ufmg.br\/bcentral\/renovacao\/","title":{"rendered":"Renova\u00e7\u00e3o"},"content":{"rendered":"\n<p>A renova\u00e7\u00e3o dos materiais emprestados \u00e9 feita de forma online, diretamente na p\u00e1gina do cat\u00e1logo da UFMG, na aba &#8220;Acesso do Usu\u00e1rio&#8221;. Cada obra emprestada pode ser renovada at\u00e9 10 vezes consecutivas.<\/p>\n\n\n\n<p>Voc\u00ea pode acessar o a se\u00e7\u00e3o de renova\u00e7\u00e3o online no Pergamum, clicando no bot\u00e3o a seguir:<\/p>\n\n\n\n<div class=\"wp-block-buttons has-custom-font-size animated bounce has-medium-font-size is-horizontal is-content-justification-center is-layout-flex wp-container-core-buttons-is-layout-ddb39544 wp-block-buttons-is-layout-flex\">\n<div class=\"wp-block-button has-custom-width wp-block-button__width-50 is-style-outline is-style-outline--1\"><a class=\"wp-block-button__link has-white-color has-text-color has-background wp-element-button\" href=\"https:\/\/catalogobiblioteca.ufmg.br\/pergamum\/biblioteca\/index.php\" style=\"background-color:#9cbe9c\" target=\"_blank\" rel=\"noreferrer noopener\">Renova\u00e7\u00e3o<\/a><\/div>\n<\/div>\n\n\n\n<figure class=\"wp-block-image size-large\"><img decoding=\"async\" src=\"https:\/\/www.bu.ufmg.br\/bcentral\/wp-content\/uploads\/2022\/12\/image-4-1024x320.png\" alt=\"\" class=\"wp-image-2702\"\/><\/figure>\n\n\n\n<p class=\"has-text-align-center has-small-font-size\">Tela da Se\u00e7\u00e3o Renova\u00e7\u00e3o no sistema Meu Pergamum<\/p>\n\n\n\n<h2 class=\"wp-block-heading animated backInLeft has-text-color\" style=\"color:#9cbe9c\"><strong><strong><strong><strong>Reposi\u00e7\u00e3o de livros danificados ou perdidos<\/strong><\/strong><\/strong><\/strong><\/h2>\n\n\n\n<p>Em caso de perda, extravio de obras ou dano irrepar\u00e1vel do material emprestado, o usu\u00e1rio dever\u00e1 comunicar imediatamente a biblioteca propriet\u00e1ria do material para informar o ocorrido.\u00a0\u00a0<\/p>\n\n\n\n<p>O exemplar perdido, danificado ou extraviado dever\u00e1 ser<strong> r<\/strong>eposto por outro de mesmo t\u00edtulo e edi\u00e7\u00e3o ou edi\u00e7\u00e3o superior.\u00a0<\/p>\n\n\n\n<p>N\u00e3o \u00e9 necess\u00e1rio que o material seja novo, mas deve estar em boas condi\u00e7\u00f5es de preserva\u00e7\u00e3o, com miolo e capa firmes, sem rasgos, sem fungos, sem rasuras, n\u00e3o deve ter carimbos nem etiquetas de outra institui\u00e7\u00e3o.\u00a0<\/p>\n\n\n\n<p>Caso o material perdido, danificado ou extraviado n\u00e3o esteja dispon\u00edvel no mercado, por tratar-se de obra esgotada, consulte o bibliotec\u00e1rio da unidade propriet\u00e1ria do material, que ir\u00e1 indicar outro t\u00edtulo apropriado para a reposi\u00e7\u00e3o.<\/p>\n\n\n\n<p>Em caso de obra danificada, n\u00e3o tente consertar e n\u00e3o fa\u00e7a remendos. O reparo \u00e9 realizado na biblioteca por um profissional especializado.<\/p>\n\n\n\n<p>Para agendar a reposi\u00e7\u00e3o do material entre em contato com a coordena\u00e7\u00e3o da Biblioteca Central: <a href=\"mailto:bu-bcentral@ufmg.br\">bu-bcentral@ufmg.br<\/a>.<\/p>\n\n\n\n<p><\/p>\n","protected":false},"excerpt":{"rendered":"<p>A renova\u00e7\u00e3o dos materiais emprestados \u00e9 feita de forma online, diretamente na p\u00e1gina do cat\u00e1logo da UFMG, na aba &#8220;Acesso &hellip; <\/p>\n","protected":false},"author":1,"featured_media":1428,"parent":0,"menu_order":0,"comment_status":"closed","ping_status":"closed","template":"","meta":{"_themeisle_gutenberg_block_has_review":false,"footnotes":""},"class_list":["post-60","page","type-page","status-publish","has-post-thumbnail","hentry"],"_links":{"self":[{"href":"https:\/\/www.bu.ufmg.br\/bcentral\/wp-json\/wp\/v2\/pages\/60","targetHints":{"allow":["GET"]}}],"collection":[{"href":"https:\/\/www.bu.ufmg.br\/bcentral\/wp-json\/wp\/v2\/pages"}],"about":[{"href":"https:\/\/www.bu.ufmg.br\/bcentral\/wp-json\/wp\/v2\/types\/page"}],"author":[{"embeddable":true,"href":"https:\/\/www.bu.ufmg.br\/bcentral\/wp-json\/wp\/v2\/users\/1"}],"replies":[{"embeddable":true,"href":"https:\/\/www.bu.ufmg.br\/bcentral\/wp-json\/wp\/v2\/comments?post=60"}],"version-history":[{"count":9,"href":"https:\/\/www.bu.ufmg.br\/bcentral\/wp-json\/wp\/v2\/pages\/60\/revisions"}],"predecessor-version":[{"id":3055,"href":"https:\/\/www.bu.ufmg.br\/bcentral\/wp-json\/wp\/v2\/pages\/60\/revisions\/3055"}],"wp:featuredmedia":[{"embeddable":true,"href":"https:\/\/www.bu.ufmg.br\/bcentral\/wp-json\/wp\/v2\/media\/1428"}],"wp:attachment":[{"href":"https:\/\/www.bu.ufmg.br\/bcentral\/wp-json\/wp\/v2\/media?parent=60"}],"curies":[{"name":"wp","href":"https:\/\/api.w.org\/{rel}","templated":true}]}}