{"id":58,"date":"2022-10-10T21:35:03","date_gmt":"2022-10-11T00:35:03","guid":{"rendered":"https:\/\/www.bu.ufmg.br\/bcentral\/?page_id=58"},"modified":"2024-09-20T13:28:15","modified_gmt":"2024-09-20T16:28:15","slug":"emprestimo","status":"publish","type":"page","link":"https:\/\/www.bu.ufmg.br\/bcentral\/emprestimo\/","title":{"rendered":"Empr\u00e9stimo"},"content":{"rendered":"\n<h2 class=\"wp-block-heading animated backInLeft has-text-color\" style=\"color:#9cbe9c\"><strong>Tipos de empr\u00e9stimos<\/strong><\/h2>\n\n\n\n<p><strong>O servi\u00e7o de empr\u00e9stimo apresenta quatro modalidades:<\/strong><\/p>\n\n\n\n<ul class=\"wp-block-list\">\n<li>empr\u00e9stimo domiciliar;<\/li>\n\n\n\n<li>empr\u00e9stimo especial;<\/li>\n\n\n\n<li>empr\u00e9stimo r\u00e1pido;<\/li>\n\n\n\n<li>empr\u00e9stimo entre bibliotecas.<\/li>\n<\/ul>\n\n\n\n<p>Confira cada uma delas clicando nos blocos a seguir:<\/p>\n\n\n\n<div id=\"wp-block-themeisle-blocks-accordion-020033df\" class=\"wp-block-themeisle-blocks-accordion exclusive is-style-boxed\">\n<details class=\"wp-block-themeisle-blocks-accordion-item\"><summary class=\"wp-block-themeisle-blocks-accordion-item__title\"><div><strong>Empr\u00e9stimo Domiciliar<\/strong><\/div><\/summary><div class=\"wp-block-themeisle-blocks-accordion-item__content\">\n<p>Retirada de materiais por per\u00edodo determinado de tempo, sendo <strong>exclusivo para os usu\u00e1rios com v\u00ednculo com a UFMG<\/strong>, tais como alunos de gradua\u00e7\u00e3o, p\u00f3s-gradua\u00e7\u00e3o, educa\u00e7\u00e3o b\u00e1sica e t\u00e9cnica, professores, servidores e contratados.<\/p>\n\n\n\n<p><strong>As tabelas&nbsp; 1 e 2&nbsp; apresentam a quantidade de itens que podem ser emprestados<\/strong> por categoria de usu\u00e1rio, e o n\u00famero de dias de empr\u00e9stimo por biblioteca.<\/p>\n\n\n\n<p class=\"has-text-align-center\"><strong>TABELA 1:<\/strong> Empr\u00e9stimo para as obras do acervo das bibliotecas do Campus Pampulha, Direito, Arquitetura e Instituto de Ci\u00eancias Agr\u00e1rias (ICA)<\/p>\n\n\n<div class=\"wp-block-image\">\n<figure class=\"aligncenter size-full\"><img loading=\"lazy\" decoding=\"async\" width=\"767\" height=\"272\" src=\"https:\/\/www.bu.ufmg.br\/bcentral\/wp-content\/uploads\/2022\/11\/image-4.png\" alt=\"\" class=\"wp-image-1404\" srcset=\"https:\/\/www.bu.ufmg.br\/bcentral\/wp-content\/uploads\/2022\/11\/image-4.png 767w, https:\/\/www.bu.ufmg.br\/bcentral\/wp-content\/uploads\/2022\/11\/image-4-300x106.png 300w, https:\/\/www.bu.ufmg.br\/bcentral\/wp-content\/uploads\/2022\/11\/image-4-169x60.png 169w\" sizes=\"auto, (max-width: 767px) 100vw, 767px\" \/><\/figure>\n<\/div>\n\n\n<p class=\"has-text-align-center has-small-font-size\">Fonte: Guia do Usu\u00e1rio, Biblioteca Universit\u00e1ria-UFMG, 2019, p.9. Adaptado<\/p>\n\n\n\n<p class=\"has-text-align-center\"><strong>TABELA 2:<\/strong> Empr\u00e9stimo para as obras do acervo das bibliotecas do Campus Sa\u00fade<\/p>\n\n\n<div class=\"wp-block-image\">\n<figure class=\"aligncenter size-full\"><img loading=\"lazy\" decoding=\"async\" width=\"787\" height=\"141\" src=\"https:\/\/www.bu.ufmg.br\/bcentral\/wp-content\/uploads\/2022\/11\/image-5.png\" alt=\"\" class=\"wp-image-1405\" srcset=\"https:\/\/www.bu.ufmg.br\/bcentral\/wp-content\/uploads\/2022\/11\/image-5.png 787w, https:\/\/www.bu.ufmg.br\/bcentral\/wp-content\/uploads\/2022\/11\/image-5-300x54.png 300w, https:\/\/www.bu.ufmg.br\/bcentral\/wp-content\/uploads\/2022\/11\/image-5-768x138.png 768w, https:\/\/www.bu.ufmg.br\/bcentral\/wp-content\/uploads\/2022\/11\/image-5-335x60.png 335w\" sizes=\"auto, (max-width: 787px) 100vw, 787px\" \/><\/figure>\n<\/div>\n\n\n<p class=\"has-text-align-center has-small-font-size\">Fonte: Guia do Usu\u00e1rio, Biblioteca Universit\u00e1ria-UFMG, 2019, p.9. Adaptado<\/p>\n<\/div><\/details>\n\n\n\n<details class=\"wp-block-themeisle-blocks-accordion-item\"><summary class=\"wp-block-themeisle-blocks-accordion-item__title\"><div><strong>Empr\u00e9stimo Especial<\/strong><\/div><\/summary><div class=\"wp-block-themeisle-blocks-accordion-item__content\">\n<p>Permite ao usu\u00e1rio fazer empr\u00e9stimo de obras muito requisitadas, por um per\u00edodo reduzido, como, por exemplo, o empr\u00e9stimo por<strong> duas horas.<\/strong> Nessa modalidade, pode ser feito tamb\u00e9m o <strong>empr\u00e9stimo <em>overnight<\/em><\/strong>, atrav\u00e9s do qual t\u00edtulos podem ser emprestados nas v\u00e9spera dos finais de semana e feriados, com a devolu\u00e7\u00e3o para o pr\u00f3ximo dia \u00fatil.<\/p>\n<\/div><\/details>\n\n\n\n<details class=\"wp-block-themeisle-blocks-accordion-item\"><summary class=\"wp-block-themeisle-blocks-accordion-item__title\"><div><strong>Empr\u00e9stimo R\u00e1pido<\/strong><\/div><\/summary><div class=\"wp-block-themeisle-blocks-accordion-item__content\">\n<p>Permite que usu\u00e1rios sem v\u00ednculo com a UFMG emprestem materiais das bibliotecas por at\u00e9 <strong>duas horas<\/strong>. Esse tipo de empr\u00e9stimo s\u00f3 \u00e9 poss\u00edvel ap\u00f3s <strong>preenchimento de formul\u00e1rio e apresenta\u00e7\u00e3o de documento de identifica\u00e7\u00e3o com foto.<\/strong><\/p>\n<\/div><\/details>\n\n\n\n<details class=\"wp-block-themeisle-blocks-accordion-item\"><summary class=\"wp-block-themeisle-blocks-accordion-item__title\"><div><strong>Empr\u00e9stimo entre Bibliotecas<\/strong><\/div><\/summary><div class=\"wp-block-themeisle-blocks-accordion-item__content\">\n<p><strong>Conv\u00eanio firmado com bibliotecas de outras institui\u00e7\u00f5es.<\/strong> Permite que usu\u00e1rios com v\u00ednculo na UFMG realizem o empr\u00e9stimo em outras institui\u00e7\u00f5es. Tamb\u00e9m permite que pessoas  vinculadas a outras institui\u00e7\u00f5es fa\u00e7am empr\u00e9stimo nas bibliotecas da UFMG.&nbsp; Para fazer o empr\u00e9stimo, o usu\u00e1rio precisa fazer a <strong>solicita\u00e7\u00e3o da obra desejada no <a href=\"https:\/\/www.bu.ufmg.br\/bu_atual\/bibliotecas\/\" target=\"_blank\" rel=\"noreferrer noopener\">setor de Refer\u00eancia da Biblioteca da Unidade Acad\u00eamica do seu curso<\/a>.<\/strong><\/p>\n<\/div><\/details>\n<\/div>\n\n\n\n<p>Acesse outros t\u00f3picos relacionados ao servi\u00e7o de empr\u00e9stimo, <strong>clicando nas se\u00e7\u00f5es a seguir:<\/strong><\/p>\n\n\n\n<div id=\"wp-block-themeisle-blocks-accordion-5a15b78e\" class=\"wp-block-themeisle-blocks-accordion exclusive is-style-boxed\">\n<details class=\"wp-block-themeisle-blocks-accordion-item\"><summary class=\"wp-block-themeisle-blocks-accordion-item__title\"><div><strong>Devolu\u00e7\u00e3o<\/strong><\/div><\/summary><div class=\"wp-block-themeisle-blocks-accordion-item__content\">\n<p>A devolu\u00e7\u00e3o de materiais emprestados pelo sistema de empr\u00e9stimo domiciliar pode ser realizada em qualquer biblioteca integrante do SB\/UFMG. Assim, \u00e9 poss\u00edvel, por exemplo, pegar livros emprestados na Biblioteca Central e devolv\u00ea-los na Biblioteca do Campus Sa\u00fade, e vice-versa. Isso \u00e9 viabilizado pelo servi\u00e7o de malote do SB\/UFMG, que transporta os materiais devolvidos para a biblioteca de origem.<\/p>\n\n\n\n<p>No entanto, materiais considerados especiais e fr\u00e1geis, como partituras, DVDs, mapas, entre outros, devem ser devolvidos exclusivamente na biblioteca que os disponibilizou. O mesmo se aplica aos materiais emprestados nas modalidades de empr\u00e9stimo r\u00e1pido, especial ou entre bibliotecas, que tamb\u00e9m s\u00f3 podem ser devolvidos na biblioteca propriet\u00e1ria.<\/p>\n<\/div><\/details>\n\n\n\n<details class=\"wp-block-themeisle-blocks-accordion-item\"><summary class=\"wp-block-themeisle-blocks-accordion-item__title\"><div><strong>Solicita\u00e7\u00e3o de livros de bibliotecas de outros campus<\/strong><\/div><\/summary><div class=\"wp-block-themeisle-blocks-accordion-item__content\">\n<p>Os usu\u00e1rios da Biblioteca Central podem solicitar livros de bibliotecas de de outros campus, como: Sa\u00fade,&nbsp; Arquitetura, Direito e Instituto de Ci\u00eancias Agr\u00e1rias &#8211; ICA, localizado na cidade de Montes Claros. A solicita\u00e7\u00e3o est\u00e1 sujeita \u00e0 disponibilidade da obra no acervo da biblioteca solicitada.<\/p>\n\n\n\n<p><strong>A solicita\u00e7\u00e3o deve ser enviada para o Setor de Refer\u00eancia da Biblioteca Central: <\/strong><\/p>\n\n\n\n<p><a href=\"mailto:bcentral-referencia@bu.ufmg.br\"><strong>bcentral-referencia@bu.ufmg.br<\/strong><\/a>.<\/p>\n<\/div><\/details>\n\n\n\n<details class=\"wp-block-themeisle-blocks-accordion-item\"><summary class=\"wp-block-themeisle-blocks-accordion-item__title\"><div><strong>Servi\u00e7o de empr\u00e9stimo de chave de arm\u00e1rio<\/strong><\/div><\/summary><div class=\"wp-block-themeisle-blocks-accordion-item__content\">\n<p>Durante a perman\u00eancia nos ambientes da Biblioteca Central, o usu\u00e1rio pode guardar seus pertences no setor de guarda-volumes. As chaves dos arm\u00e1rios s\u00e3o de responsabilidade usu\u00e1rio, e devem ser devolvidas ao sair da biblioteca. Caso a devolu\u00e7\u00e3o ocorra fora do prazo estipulado, ou em caso de perda da chave, ser\u00e1 aplicada uma taxa.<\/p>\n<\/div><\/details>\n\n\n\n<details class=\"wp-block-themeisle-blocks-accordion-item\"><summary class=\"wp-block-themeisle-blocks-accordion-item__title\"><div><strong>Reposi\u00e7\u00e3o de livros danificados ou perdidos<\/strong><\/div><\/summary><div class=\"wp-block-themeisle-blocks-accordion-item__content\">\n<p>Em caso de perda, extravio de obras ou dano irrepar\u00e1vel do material emprestado, <strong>o usu\u00e1rio dever\u00e1 comunicar imediatamente a biblioteca propriet\u00e1ria do material para informar o ocorrido.&nbsp;&nbsp;<\/strong><\/p>\n\n\n\n<p>O exemplar perdido, danificado ou extraviado dever\u00e1 ser<strong> reposto por outro de mesmo t\u00edtulo e edi\u00e7\u00e3o ou edi\u00e7\u00e3o superior.<\/strong>&nbsp;<\/p>\n\n\n\n<p><strong>N\u00e3o \u00e9 necess\u00e1rio que o material seja novo<\/strong>, mas deve estar em boas condi\u00e7\u00f5es de preserva\u00e7\u00e3o, com miolo e capa firmes, sem rasgos, sem fungos, sem rasuras, n\u00e3o deve ter carimbos nem etiquetas de outra institui\u00e7\u00e3o, fato que configura material furtado.&nbsp;<\/p>\n\n\n\n<p>Caso o material perdido, danificado ou extraviado n\u00e3o esteja dispon\u00edvel no mercado, por tratar-se de obra esgotada, <strong>consulte a pessoa bibliotec\u00e1ria da unidade propriet\u00e1ria do material<\/strong>, a indica\u00e7\u00e3o de outro t\u00edtulo apropriado para efetuar a reposi\u00e7\u00e3o.<\/p>\n\n\n\n<p>Em caso de obra danificada, n\u00e3o tente consertar e n\u00e3o fa\u00e7a remendos. <strong>O reparo \u00e9 realizado na biblioteca por um profissional especializado.<\/strong><\/p>\n\n\n\n<p>Para agendar a reposi\u00e7\u00e3o do material entre em contato por e-mail com a Biblioteca Universit\u00e1ria: <a href=\"mailto:bu-bcentral@ufmg.br\">bu-bcentral@ufmg.br<\/a>.<\/p>\n<\/div><\/details>\n<\/div>\n\n\n\n<div style=\"height:68px\" aria-hidden=\"true\" class=\"wp-block-spacer\"><\/div>\n\n\n\n<div id=\"wp-block-themeisle-blocks-advanced-columns-af41e87b\" class=\"wp-block-themeisle-blocks-advanced-columns alignfull has-2-columns has-desktop-equal-layout has-tablet-equal-layout has-mobile-collapsedRows-layout has-vertical-center ticss-a2946a77\"><div class=\"wp-block-themeisle-blocks-advanced-columns-overlay\"><\/div><div class=\"innerblocks-wrap\">\n<section id=\"wp-block-themeisle-blocks-advanced-column-d52e53c7\" class=\"wp-block-themeisle-blocks-advanced-column\">\n<div class=\"wp-block-cover aligncenter\"><span aria-hidden=\"true\" class=\"wp-block-cover__background has-background-dim\"><\/span><img loading=\"lazy\" decoding=\"async\" width=\"2560\" height=\"1707\" class=\"wp-block-cover__image-background wp-image-1546\" alt=\"\" src=\"https:\/\/www.bu.ufmg.br\/bcentral\/wp-content\/uploads\/2022\/11\/eliabe-costa-tzsUJD0TGkk-unsplash-1-scaled.jpg\" data-object-fit=\"cover\" srcset=\"https:\/\/www.bu.ufmg.br\/bcentral\/wp-content\/uploads\/2022\/11\/eliabe-costa-tzsUJD0TGkk-unsplash-1-scaled.jpg 2560w, https:\/\/www.bu.ufmg.br\/bcentral\/wp-content\/uploads\/2022\/11\/eliabe-costa-tzsUJD0TGkk-unsplash-1-300x200.jpg 300w, https:\/\/www.bu.ufmg.br\/bcentral\/wp-content\/uploads\/2022\/11\/eliabe-costa-tzsUJD0TGkk-unsplash-1-1024x683.jpg 1024w, https:\/\/www.bu.ufmg.br\/bcentral\/wp-content\/uploads\/2022\/11\/eliabe-costa-tzsUJD0TGkk-unsplash-1-768x512.jpg 768w, https:\/\/www.bu.ufmg.br\/bcentral\/wp-content\/uploads\/2022\/11\/eliabe-costa-tzsUJD0TGkk-unsplash-1-1536x1024.jpg 1536w, https:\/\/www.bu.ufmg.br\/bcentral\/wp-content\/uploads\/2022\/11\/eliabe-costa-tzsUJD0TGkk-unsplash-1-2048x1365.jpg 2048w, https:\/\/www.bu.ufmg.br\/bcentral\/wp-content\/uploads\/2022\/11\/eliabe-costa-tzsUJD0TGkk-unsplash-1-90x60.jpg 90w, https:\/\/www.bu.ufmg.br\/bcentral\/wp-content\/uploads\/2022\/11\/eliabe-costa-tzsUJD0TGkk-unsplash-1-370x247.jpg 370w, https:\/\/www.bu.ufmg.br\/bcentral\/wp-content\/uploads\/2022\/11\/eliabe-costa-tzsUJD0TGkk-unsplash-1-776x517.jpg 776w\" sizes=\"auto, (max-width: 2560px) 100vw, 2560px\" \/><div class=\"wp-block-cover__inner-container is-layout-flow wp-block-cover-is-layout-flow\">\n<p class=\"has-text-align-center has-small-font-size\"><\/p>\n<\/div><\/div>\n<\/section>\n\n\n\n<div id=\"wp-block-themeisle-blocks-advanced-column-a6a9eacf\" class=\"wp-block-themeisle-blocks-advanced-column ticss-2c306f0c\">\n<h3 id=\"wp-block-themeisle-blocks-advanced-heading-47c58d23\" class=\"wp-block-themeisle-blocks-advanced-heading wp-block-themeisle-blocks-advanced-heading-47c58d23\">Reserva <\/h3>\n\n\n\n<p class=\"has-text-align-center has-black-color has-text-color\">O servi\u00e7o de reserva online permite que obras emprestadas sejam reservadas pelos usu\u00e1rios, garantindo o acesso facilitado a cada material e mantendo o controle de empr\u00e9stimos online. <\/p>\n\n\n\n<div class=\"wp-block-group ticss-535bcfae is-content-justification-center is-nowrap is-layout-flex wp-container-core-group-is-layout-94bc23d7 wp-block-group-is-layout-flex\">\n<a href=\"https:\/\/www.bu.ufmg.br\/bcentral\/reserva-de-emprestimos\/\" class=\"btn-readmore\" role=\"link\">Reservar<\/a>\n<\/div>\n<\/div>\n<\/div><\/div>\n\n\n\n<div style=\"height:68px\" aria-hidden=\"true\" class=\"wp-block-spacer\"><\/div>\n\n\n\n<div id=\"wp-block-themeisle-blocks-advanced-columns-a1e8bff7\" class=\"wp-block-themeisle-blocks-advanced-columns alignfull has-2-columns has-desktop-equal-layout has-tablet-equal-layout has-mobile-collapsedRows-layout has-vertical-center ticss-a2946a77\"><div class=\"wp-block-themeisle-blocks-advanced-columns-overlay\"><\/div><div class=\"innerblocks-wrap\">\n<section id=\"wp-block-themeisle-blocks-advanced-column-9ccd7450\" class=\"wp-block-themeisle-blocks-advanced-column\">\n<div class=\"wp-block-cover aligncenter\"><span aria-hidden=\"true\" class=\"wp-block-cover__background has-background-dim\"><\/span><img loading=\"lazy\" decoding=\"async\" width=\"2560\" height=\"1707\" class=\"wp-block-cover__image-background wp-image-1428\" alt=\"\" src=\"https:\/\/www.bu.ufmg.br\/bcentral\/wp-content\/uploads\/2022\/11\/christin-hume-k2Kcwkandwg-unsplash-scaled.jpg\" data-object-fit=\"cover\" srcset=\"https:\/\/www.bu.ufmg.br\/bcentral\/wp-content\/uploads\/2022\/11\/christin-hume-k2Kcwkandwg-unsplash-scaled.jpg 2560w, https:\/\/www.bu.ufmg.br\/bcentral\/wp-content\/uploads\/2022\/11\/christin-hume-k2Kcwkandwg-unsplash-300x200.jpg 300w, https:\/\/www.bu.ufmg.br\/bcentral\/wp-content\/uploads\/2022\/11\/christin-hume-k2Kcwkandwg-unsplash-1024x683.jpg 1024w, https:\/\/www.bu.ufmg.br\/bcentral\/wp-content\/uploads\/2022\/11\/christin-hume-k2Kcwkandwg-unsplash-768x512.jpg 768w, https:\/\/www.bu.ufmg.br\/bcentral\/wp-content\/uploads\/2022\/11\/christin-hume-k2Kcwkandwg-unsplash-1536x1024.jpg 1536w, https:\/\/www.bu.ufmg.br\/bcentral\/wp-content\/uploads\/2022\/11\/christin-hume-k2Kcwkandwg-unsplash-2048x1365.jpg 2048w, https:\/\/www.bu.ufmg.br\/bcentral\/wp-content\/uploads\/2022\/11\/christin-hume-k2Kcwkandwg-unsplash-90x60.jpg 90w, https:\/\/www.bu.ufmg.br\/bcentral\/wp-content\/uploads\/2022\/11\/christin-hume-k2Kcwkandwg-unsplash-370x247.jpg 370w, https:\/\/www.bu.ufmg.br\/bcentral\/wp-content\/uploads\/2022\/11\/christin-hume-k2Kcwkandwg-unsplash-776x517.jpg 776w\" sizes=\"auto, (max-width: 2560px) 100vw, 2560px\" \/><div class=\"wp-block-cover__inner-container is-layout-flow wp-block-cover-is-layout-flow\">\n<p class=\"has-text-align-center has-small-font-size\"><\/p>\n<\/div><\/div>\n<\/section>\n\n\n\n<div id=\"wp-block-themeisle-blocks-advanced-column-09e69113\" class=\"wp-block-themeisle-blocks-advanced-column ticss-2c306f0c\">\n<h3 id=\"wp-block-themeisle-blocks-advanced-heading-d0f84c1f\" class=\"wp-block-themeisle-blocks-advanced-heading wp-block-themeisle-blocks-advanced-heading-d0f84c1f\">Renova\u00e7\u00e3o<\/h3>\n\n\n\n<p class=\"has-text-align-center has-black-color has-text-color\">A renova\u00e7\u00e3o dos materiais emprestados \u00e9 realizada online e deve ser feita atrav\u00e9s do Cat\u00e1logo Online. Para mais informa\u00e7\u00f5es, clique no bot\u00e3o abaixo.<\/p>\n\n\n\n<div class=\"wp-block-group ticss-535bcfae is-content-justification-center is-nowrap is-layout-flex wp-container-core-group-is-layout-94bc23d7 wp-block-group-is-layout-flex\">\n<a href=\"https:\/\/www.bu.ufmg.br\/bcentral\/renovacao\/\" class=\"btn-readmore\" role=\"link\">Renovar<\/a>\n<\/div>\n<\/div>\n<\/div><\/div>\n","protected":false},"excerpt":{"rendered":"<p>Tipos de empr\u00e9stimos O servi\u00e7o de empr\u00e9stimo apresenta quatro modalidades: Confira cada uma delas clicando nos blocos a seguir: Acesse &hellip; <\/p>\n","protected":false},"author":1,"featured_media":1432,"parent":0,"menu_order":0,"comment_status":"closed","ping_status":"closed","template":"","meta":{"_themeisle_gutenberg_block_has_review":false,"footnotes":""},"class_list":["post-58","page","type-page","status-publish","has-post-thumbnail","hentry"],"_links":{"self":[{"href":"https:\/\/www.bu.ufmg.br\/bcentral\/wp-json\/wp\/v2\/pages\/58","targetHints":{"allow":["GET"]}}],"collection":[{"href":"https:\/\/www.bu.ufmg.br\/bcentral\/wp-json\/wp\/v2\/pages"}],"about":[{"href":"https:\/\/www.bu.ufmg.br\/bcentral\/wp-json\/wp\/v2\/types\/page"}],"author":[{"embeddable":true,"href":"https:\/\/www.bu.ufmg.br\/bcentral\/wp-json\/wp\/v2\/users\/1"}],"replies":[{"embeddable":true,"href":"https:\/\/www.bu.ufmg.br\/bcentral\/wp-json\/wp\/v2\/comments?post=58"}],"version-history":[{"count":27,"href":"https:\/\/www.bu.ufmg.br\/bcentral\/wp-json\/wp\/v2\/pages\/58\/revisions"}],"predecessor-version":[{"id":3072,"href":"https:\/\/www.bu.ufmg.br\/bcentral\/wp-json\/wp\/v2\/pages\/58\/revisions\/3072"}],"wp:featuredmedia":[{"embeddable":true,"href":"https:\/\/www.bu.ufmg.br\/bcentral\/wp-json\/wp\/v2\/media\/1432"}],"wp:attachment":[{"href":"https:\/\/www.bu.ufmg.br\/bcentral\/wp-json\/wp\/v2\/media?parent=58"}],"curies":[{"name":"wp","href":"https:\/\/api.w.org\/{rel}","templated":true}]}}