{"id":29,"date":"2022-10-10T20:59:44","date_gmt":"2022-10-10T23:59:44","guid":{"rendered":"https:\/\/www.bu.ufmg.br\/bcentral\/?page_id=29"},"modified":"2024-09-19T12:37:38","modified_gmt":"2024-09-19T15:37:38","slug":"portal-da-biblioteca","status":"publish","type":"page","link":"https:\/\/www.bu.ufmg.br\/bcentral\/portal-da-biblioteca\/","title":{"rendered":"Portal da Biblioteca"},"content":{"rendered":"\n<div id=\"wp-block-themeisle-blocks-advanced-columns-8901ef49\" class=\"wp-block-themeisle-blocks-advanced-columns alignfull has-2-columns has-desktop-equal-layout has-tablet-equal-layout has-mobile-collapsedRows-layout has-vertical-center ticss-a2946a77\"><div class=\"wp-block-themeisle-blocks-advanced-columns-overlay\"><\/div><div class=\"innerblocks-wrap\">\n<section id=\"wp-block-themeisle-blocks-advanced-column-dfc2671a\" class=\"wp-block-themeisle-blocks-advanced-column\">\n<div class=\"wp-block-cover aligncenter\"><span aria-hidden=\"true\" class=\"wp-block-cover__background has-background-dim\"><\/span><img loading=\"lazy\" decoding=\"async\" width=\"2560\" height=\"1707\" class=\"wp-block-cover__image-background wp-image-1584\" alt=\"\" src=\"https:\/\/www.bu.ufmg.br\/bcentral\/wp-content\/uploads\/2022\/11\/tim-mossholder-H6eaxcGNQbU-unsplash-scaled.jpg\" data-object-fit=\"cover\" srcset=\"https:\/\/www.bu.ufmg.br\/bcentral\/wp-content\/uploads\/2022\/11\/tim-mossholder-H6eaxcGNQbU-unsplash-scaled.jpg 2560w, https:\/\/www.bu.ufmg.br\/bcentral\/wp-content\/uploads\/2022\/11\/tim-mossholder-H6eaxcGNQbU-unsplash-300x200.jpg 300w, https:\/\/www.bu.ufmg.br\/bcentral\/wp-content\/uploads\/2022\/11\/tim-mossholder-H6eaxcGNQbU-unsplash-1024x683.jpg 1024w, https:\/\/www.bu.ufmg.br\/bcentral\/wp-content\/uploads\/2022\/11\/tim-mossholder-H6eaxcGNQbU-unsplash-768x512.jpg 768w, https:\/\/www.bu.ufmg.br\/bcentral\/wp-content\/uploads\/2022\/11\/tim-mossholder-H6eaxcGNQbU-unsplash-1536x1024.jpg 1536w, https:\/\/www.bu.ufmg.br\/bcentral\/wp-content\/uploads\/2022\/11\/tim-mossholder-H6eaxcGNQbU-unsplash-2048x1365.jpg 2048w, https:\/\/www.bu.ufmg.br\/bcentral\/wp-content\/uploads\/2022\/11\/tim-mossholder-H6eaxcGNQbU-unsplash-90x60.jpg 90w, https:\/\/www.bu.ufmg.br\/bcentral\/wp-content\/uploads\/2022\/11\/tim-mossholder-H6eaxcGNQbU-unsplash-370x247.jpg 370w, https:\/\/www.bu.ufmg.br\/bcentral\/wp-content\/uploads\/2022\/11\/tim-mossholder-H6eaxcGNQbU-unsplash-776x517.jpg 776w\" sizes=\"auto, (max-width: 2560px) 100vw, 2560px\" \/><div class=\"wp-block-cover__inner-container is-layout-flow wp-block-cover-is-layout-flow\">\n<p class=\"has-text-align-center has-small-font-size\"><\/p>\n<\/div><\/div>\n<\/section>\n\n\n\n<div id=\"wp-block-themeisle-blocks-advanced-column-c79d1bc8\" class=\"wp-block-themeisle-blocks-advanced-column ticss-2c306f0c\">\n<h3 id=\"wp-block-themeisle-blocks-advanced-heading-9d7d84b0\" class=\"wp-block-themeisle-blocks-advanced-heading wp-block-themeisle-blocks-advanced-heading-9d7d84b0\">Not\u00edcias<\/h3>\n\n\n\n<p class=\"has-text-align-center has-black-color has-text-color\">Fique por dentro das novidades envolvendo a Biblioteca Central. Aqui temos informa\u00e7\u00f5es de interesse p\u00fablico para a comunidade.<\/p>\n\n\n\n<div class=\"wp-block-group ticss-535bcfae is-content-justification-center is-nowrap is-layout-flex wp-container-core-group-is-layout-94bc23d7 wp-block-group-is-layout-flex\">\n<a href=\"https:\/\/www.bu.ufmg.br\/bcentral\/noticias\/\" class=\"btn-readmore\" role=\"link\">Leia Mais<\/a>\n<\/div>\n<\/div>\n<\/div><\/div>\n\n\n\n<div style=\"height:68px\" aria-hidden=\"true\" class=\"wp-block-spacer\"><\/div>\n\n\n\n<div id=\"wp-block-themeisle-blocks-advanced-columns-3073528d\" class=\"wp-block-themeisle-blocks-advanced-columns alignfull has-2-columns has-desktop-equal-layout has-tablet-equal-layout has-mobile-collapsedRows-layout has-vertical-center ticss-a2946a77\"><div class=\"wp-block-themeisle-blocks-advanced-columns-overlay\"><\/div><div class=\"innerblocks-wrap\">\n<section id=\"wp-block-themeisle-blocks-advanced-column-7dba6838\" class=\"wp-block-themeisle-blocks-advanced-column\">\n<div class=\"wp-block-cover aligncenter is-light\"><span aria-hidden=\"true\" class=\"wp-block-cover__background has-background-dim\"><\/span><img loading=\"lazy\" decoding=\"async\" width=\"700\" height=\"389\" class=\"wp-block-cover__image-background wp-image-1570\" alt=\"\" src=\"https:\/\/www.bu.ufmg.br\/bcentral\/wp-content\/uploads\/2022\/11\/20190520105323.jpg\" data-object-fit=\"cover\" srcset=\"https:\/\/www.bu.ufmg.br\/bcentral\/wp-content\/uploads\/2022\/11\/20190520105323.jpg 700w, https:\/\/www.bu.ufmg.br\/bcentral\/wp-content\/uploads\/2022\/11\/20190520105323-300x167.jpg 300w, https:\/\/www.bu.ufmg.br\/bcentral\/wp-content\/uploads\/2022\/11\/20190520105323-108x60.jpg 108w\" sizes=\"auto, (max-width: 700px) 100vw, 700px\" \/><div class=\"wp-block-cover__inner-container is-layout-flow wp-block-cover-is-layout-flow\">\n<p class=\"has-text-align-center has-small-font-size\"><\/p>\n<\/div><\/div>\n<\/section>\n\n\n\n<div id=\"wp-block-themeisle-blocks-advanced-column-d0b4550e\" class=\"wp-block-themeisle-blocks-advanced-column ticss-2c306f0c\">\n<h3 id=\"wp-block-themeisle-blocks-advanced-heading-6ced00f7\" class=\"wp-block-themeisle-blocks-advanced-heading wp-block-themeisle-blocks-advanced-heading-6ced00f7\">Acessibilidade<\/h3>\n\n\n\n<p class=\"has-text-align-center has-black-color has-text-color\">Conhe\u00e7a as iniciativas de acessibilidade da BC, que visam viabilizar a utiliza\u00e7\u00e3o dos espa\u00e7os, mobili\u00e1rios e equipamentos com seguran\u00e7a e autonomia.<\/p>\n\n\n\n<div class=\"wp-block-group ticss-535bcfae is-content-justification-center is-nowrap is-layout-flex wp-container-core-group-is-layout-94bc23d7 wp-block-group-is-layout-flex\">\n<a href=\"https:\/\/www.bu.ufmg.br\/bcentral\/acessibilidade\/\" class=\"btn-readmore\" role=\"link\">Leia Mais<\/a>\n<\/div>\n<\/div>\n<\/div><\/div>\n\n\n\n<div style=\"height:68px\" aria-hidden=\"true\" class=\"wp-block-spacer\"><\/div>\n\n\n\n<div id=\"wp-block-themeisle-blocks-advanced-columns-af41e87b\" class=\"wp-block-themeisle-blocks-advanced-columns alignfull has-2-columns has-desktop-equal-layout has-tablet-equal-layout has-mobile-collapsedRows-layout has-vertical-center ticss-a2946a77\"><div class=\"wp-block-themeisle-blocks-advanced-columns-overlay\"><\/div><div class=\"innerblocks-wrap\">\n<section id=\"wp-block-themeisle-blocks-advanced-column-d52e53c7\" class=\"wp-block-themeisle-blocks-advanced-column\">\n<div class=\"wp-block-cover aligncenter\"><span aria-hidden=\"true\" class=\"wp-block-cover__background has-background-dim\"><\/span><img loading=\"lazy\" decoding=\"async\" width=\"1024\" height=\"678\" class=\"wp-block-cover__image-background wp-image-217\" alt=\"\" src=\"https:\/\/www.bu.ufmg.br\/bcentral\/wp-content\/uploads\/2022\/10\/Identidade-_2-1024x678-2.jpg\" data-object-fit=\"cover\" srcset=\"https:\/\/www.bu.ufmg.br\/bcentral\/wp-content\/uploads\/2022\/10\/Identidade-_2-1024x678-2.jpg 1024w, https:\/\/www.bu.ufmg.br\/bcentral\/wp-content\/uploads\/2022\/10\/Identidade-_2-1024x678-2-300x199.jpg 300w, https:\/\/www.bu.ufmg.br\/bcentral\/wp-content\/uploads\/2022\/10\/Identidade-_2-1024x678-2-768x509.jpg 768w, https:\/\/www.bu.ufmg.br\/bcentral\/wp-content\/uploads\/2022\/10\/Identidade-_2-1024x678-2-91x60.jpg 91w\" sizes=\"auto, (max-width: 1024px) 100vw, 1024px\" \/><div class=\"wp-block-cover__inner-container is-layout-flow wp-block-cover-is-layout-flow\">\n<p class=\"has-text-align-center has-small-font-size\"><\/p>\n<\/div><\/div>\n<\/section>\n\n\n\n<div id=\"wp-block-themeisle-blocks-advanced-column-a6a9eacf\" class=\"wp-block-themeisle-blocks-advanced-column ticss-2c306f0c\">\n<h3 id=\"wp-block-themeisle-blocks-advanced-heading-47c58d23\" class=\"wp-block-themeisle-blocks-advanced-heading wp-block-themeisle-blocks-advanced-heading-47c58d23\">Espa\u00e7os<\/h3>\n\n\n\n<p class=\"has-text-align-center has-black-color has-text-color\">Explore os nossos espa\u00e7os de estudos, leitura e expositivos. Lugares que possibilitam aos nossos usu\u00e1rios experimentarem uma imers\u00e3o na biblioteca.<\/p>\n\n\n\n<div class=\"wp-block-group ticss-535bcfae is-content-justification-center is-nowrap is-layout-flex wp-container-core-group-is-layout-94bc23d7 wp-block-group-is-layout-flex\">\n<a href=\"https:\/\/www.bu.ufmg.br\/bcentral\/espacos\/\" class=\"btn-readmore\" role=\"link\">Leia Mais<\/a>\n<\/div>\n<\/div>\n<\/div><\/div>\n\n\n\n<div style=\"height:68px\" aria-hidden=\"true\" class=\"wp-block-spacer\"><\/div>\n\n\n\n<div id=\"wp-block-themeisle-blocks-advanced-columns-d96f2986\" class=\"wp-block-themeisle-blocks-advanced-columns alignfull has-2-columns has-desktop-equal-layout has-tablet-equal-layout has-mobile-collapsedRows-layout has-vertical-center ticss-a2946a77\"><div class=\"wp-block-themeisle-blocks-advanced-columns-overlay\"><\/div><div class=\"innerblocks-wrap\">\n<section id=\"wp-block-themeisle-blocks-advanced-column-b8cb2517\" class=\"wp-block-themeisle-blocks-advanced-column\">\n<div class=\"wp-block-cover aligncenter is-light\"><span aria-hidden=\"true\" class=\"wp-block-cover__background has-background-dim\"><\/span><img loading=\"lazy\" decoding=\"async\" width=\"1600\" height=\"1600\" class=\"wp-block-cover__image-background wp-image-1571\" alt=\"\" src=\"https:\/\/www.bu.ufmg.br\/bcentral\/wp-content\/uploads\/2022\/11\/WhatsApp-Image-2022-11-01-at-11.45.11-AM-3-1.jpeg\" data-object-fit=\"cover\" srcset=\"https:\/\/www.bu.ufmg.br\/bcentral\/wp-content\/uploads\/2022\/11\/WhatsApp-Image-2022-11-01-at-11.45.11-AM-3-1.jpeg 1600w, https:\/\/www.bu.ufmg.br\/bcentral\/wp-content\/uploads\/2022\/11\/WhatsApp-Image-2022-11-01-at-11.45.11-AM-3-1-300x300.jpeg 300w, https:\/\/www.bu.ufmg.br\/bcentral\/wp-content\/uploads\/2022\/11\/WhatsApp-Image-2022-11-01-at-11.45.11-AM-3-1-1024x1024.jpeg 1024w, https:\/\/www.bu.ufmg.br\/bcentral\/wp-content\/uploads\/2022\/11\/WhatsApp-Image-2022-11-01-at-11.45.11-AM-3-1-150x150.jpeg 150w, https:\/\/www.bu.ufmg.br\/bcentral\/wp-content\/uploads\/2022\/11\/WhatsApp-Image-2022-11-01-at-11.45.11-AM-3-1-768x768.jpeg 768w, https:\/\/www.bu.ufmg.br\/bcentral\/wp-content\/uploads\/2022\/11\/WhatsApp-Image-2022-11-01-at-11.45.11-AM-3-1-1536x1536.jpeg 1536w, https:\/\/www.bu.ufmg.br\/bcentral\/wp-content\/uploads\/2022\/11\/WhatsApp-Image-2022-11-01-at-11.45.11-AM-3-1-60x60.jpeg 60w\" sizes=\"auto, (max-width: 1600px) 100vw, 1600px\" \/><div class=\"wp-block-cover__inner-container is-layout-flow wp-block-cover-is-layout-flow\">\n<p class=\"has-text-align-center has-small-font-size\"><\/p>\n<\/div><\/div>\n<\/section>\n\n\n\n<div id=\"wp-block-themeisle-blocks-advanced-column-0c88b50f\" class=\"wp-block-themeisle-blocks-advanced-column ticss-2c306f0c\">\n<h3 id=\"wp-block-themeisle-blocks-advanced-heading-c2d838af\" class=\"wp-block-themeisle-blocks-advanced-heading wp-block-themeisle-blocks-advanced-heading-c2d838af\">Acervo Hist\u00f3rico<\/h3>\n\n\n\n<p class=\"has-text-align-center has-black-color has-text-color\">O Projeto Acervo Hist\u00f3rico da BC\u00a0inclui o tratamento de exemplares com data de publica\u00e7\u00e3o\u00a0inferior ou igual a 1960.<\/p>\n\n\n\n<div class=\"wp-block-group ticss-535bcfae is-content-justification-center is-nowrap is-layout-flex wp-container-core-group-is-layout-94bc23d7 wp-block-group-is-layout-flex\">\n<a href=\"https:\/\/www.bu.ufmg.br\/bcentral\/acervo-historico\/\" class=\"btn-readmore\" role=\"link\">Leia Mais<\/a>\n<\/div>\n<\/div>\n<\/div><\/div>\n\n\n\n<div style=\"height:68px\" aria-hidden=\"true\" class=\"wp-block-spacer\"><\/div>\n\n\n\n<div id=\"wp-block-themeisle-blocks-advanced-columns-435d9725\" class=\"wp-block-themeisle-blocks-advanced-columns alignfull has-2-columns has-desktop-equal-layout has-tablet-equal-layout has-mobile-collapsedRows-layout has-vertical-center ticss-a2946a77\"><div class=\"wp-block-themeisle-blocks-advanced-columns-overlay\"><\/div><div class=\"innerblocks-wrap\">\n<section id=\"wp-block-themeisle-blocks-advanced-column-2955b872\" class=\"wp-block-themeisle-blocks-advanced-column\">\n<div class=\"wp-block-cover aligncenter\"><span aria-hidden=\"true\" class=\"wp-block-cover__background has-background-dim\"><\/span><img loading=\"lazy\" decoding=\"async\" width=\"1600\" height=\"1600\" class=\"wp-block-cover__image-background wp-image-1572\" alt=\"\" src=\"https:\/\/www.bu.ufmg.br\/bcentral\/wp-content\/uploads\/2022\/11\/WhatsApp-Image-2022-11-01-at-12.58.58-PM-1-1.jpeg\" data-object-fit=\"cover\" srcset=\"https:\/\/www.bu.ufmg.br\/bcentral\/wp-content\/uploads\/2022\/11\/WhatsApp-Image-2022-11-01-at-12.58.58-PM-1-1.jpeg 1600w, https:\/\/www.bu.ufmg.br\/bcentral\/wp-content\/uploads\/2022\/11\/WhatsApp-Image-2022-11-01-at-12.58.58-PM-1-1-300x300.jpeg 300w, https:\/\/www.bu.ufmg.br\/bcentral\/wp-content\/uploads\/2022\/11\/WhatsApp-Image-2022-11-01-at-12.58.58-PM-1-1-1024x1024.jpeg 1024w, https:\/\/www.bu.ufmg.br\/bcentral\/wp-content\/uploads\/2022\/11\/WhatsApp-Image-2022-11-01-at-12.58.58-PM-1-1-150x150.jpeg 150w, https:\/\/www.bu.ufmg.br\/bcentral\/wp-content\/uploads\/2022\/11\/WhatsApp-Image-2022-11-01-at-12.58.58-PM-1-1-768x768.jpeg 768w, https:\/\/www.bu.ufmg.br\/bcentral\/wp-content\/uploads\/2022\/11\/WhatsApp-Image-2022-11-01-at-12.58.58-PM-1-1-1536x1536.jpeg 1536w, https:\/\/www.bu.ufmg.br\/bcentral\/wp-content\/uploads\/2022\/11\/WhatsApp-Image-2022-11-01-at-12.58.58-PM-1-1-60x60.jpeg 60w\" sizes=\"auto, (max-width: 1600px) 100vw, 1600px\" \/><div class=\"wp-block-cover__inner-container is-layout-flow wp-block-cover-is-layout-flow\">\n<p class=\"has-text-align-center has-small-font-size\"><\/p>\n<\/div><\/div>\n<\/section>\n\n\n\n<div id=\"wp-block-themeisle-blocks-advanced-column-e9eeb05e\" class=\"wp-block-themeisle-blocks-advanced-column ticss-2c306f0c\">\n<h3 id=\"wp-block-themeisle-blocks-advanced-heading-72721ab9\" class=\"wp-block-themeisle-blocks-advanced-heading wp-block-themeisle-blocks-advanced-heading-72721ab9\">Acervo T\u00e9cnico<\/h3>\n\n\n\n<p class=\"has-text-align-center has-black-color has-text-color\">\u00c9 estudante ou professor do ICB ou do ICEx? Conhe\u00e7a o Acervo T\u00e9cnico destinado \u00e0s gradua\u00e7\u00f5es em Ci\u00eancias Biol\u00f3gicas e Ci\u00eancias Exatas presente na BC.<\/p>\n\n\n\n<div class=\"wp-block-group ticss-535bcfae is-content-justification-center is-nowrap is-layout-flex wp-container-core-group-is-layout-94bc23d7 wp-block-group-is-layout-flex\">\n<a href=\"https:\/\/www.bu.ufmg.br\/bcentral\/acervo-tecnico\/\" class=\"btn-readmore\" role=\"link\">Leia Mais<\/a>\n<\/div>\n<\/div>\n<\/div><\/div>\n","protected":false},"excerpt":{"rendered":"","protected":false},"author":1,"featured_media":1435,"parent":0,"menu_order":0,"comment_status":"closed","ping_status":"closed","template":"","meta":{"_themeisle_gutenberg_block_has_review":false,"footnotes":""},"class_list":["post-29","page","type-page","status-publish","has-post-thumbnail","hentry"],"_links":{"self":[{"href":"https:\/\/www.bu.ufmg.br\/bcentral\/wp-json\/wp\/v2\/pages\/29","targetHints":{"allow":["GET"]}}],"collection":[{"href":"https:\/\/www.bu.ufmg.br\/bcentral\/wp-json\/wp\/v2\/pages"}],"about":[{"href":"https:\/\/www.bu.ufmg.br\/bcentral\/wp-json\/wp\/v2\/types\/page"}],"author":[{"embeddable":true,"href":"https:\/\/www.bu.ufmg.br\/bcentral\/wp-json\/wp\/v2\/users\/1"}],"replies":[{"embeddable":true,"href":"https:\/\/www.bu.ufmg.br\/bcentral\/wp-json\/wp\/v2\/comments?post=29"}],"version-history":[{"count":16,"href":"https:\/\/www.bu.ufmg.br\/bcentral\/wp-json\/wp\/v2\/pages\/29\/revisions"}],"predecessor-version":[{"id":3025,"href":"https:\/\/www.bu.ufmg.br\/bcentral\/wp-json\/wp\/v2\/pages\/29\/revisions\/3025"}],"wp:featuredmedia":[{"embeddable":true,"href":"https:\/\/www.bu.ufmg.br\/bcentral\/wp-json\/wp\/v2\/media\/1435"}],"wp:attachment":[{"href":"https:\/\/www.bu.ufmg.br\/bcentral\/wp-json\/wp\/v2\/media?parent=29"}],"curies":[{"name":"wp","href":"https:\/\/api.w.org\/{rel}","templated":true}]}}