{"id":122,"date":"2022-10-10T21:57:57","date_gmt":"2022-10-11T00:57:57","guid":{"rendered":"https:\/\/www.bu.ufmg.br\/bcentral\/?page_id=122"},"modified":"2024-09-27T12:32:05","modified_gmt":"2024-09-27T15:32:05","slug":"informacoes-e-servicos-comunitarios","status":"publish","type":"page","link":"https:\/\/www.bu.ufmg.br\/bcentral\/informacoes-e-servicos-comunitarios\/","title":{"rendered":"Informa\u00e7\u00f5es e Servi\u00e7os Comunit\u00e1rios"},"content":{"rendered":"\n<h2 class=\"wp-block-heading animated backInLeft has-text-color\" style=\"color:#9cbe9c\"><strong>Wi-Fi UFMG<\/strong><\/h2>\n\n\n\n<p><strong>O usu\u00e1rio cadastrado no sistema <a href=\"https:\/\/sistemas.ufmg.br\/idp\/login.jsp\">MinhaUFMG<\/a> pode acessar a rede sem fio na biblioteca.&nbsp; <\/strong><\/p>\n\n\n\n<p>Para utilizar os servi\u00e7os oferecidos, \u00e9 preciso <strong>ler e concordar com o Termo de Uso<\/strong>, do qual constam os direitos e deveres de todos os usu\u00e1rios da rede sem fio da UFMG.<strong> <\/strong><\/p>\n\n\n\n<p><strong>Voc\u00ea pode informar-se sobre as configura\u00e7\u00f5es necess\u00e1rias clicando no bot\u00e3o a seguir: <\/strong><\/p>\n\n\n\n<div class=\"wp-block-buttons has-custom-font-size animated bounce has-medium-font-size is-horizontal is-content-justification-center is-layout-flex wp-container-core-buttons-is-layout-ddb39544 wp-block-buttons-is-layout-flex\">\n<div class=\"wp-block-button has-custom-width wp-block-button__width-50 is-style-outline is-style-outline--1\"><a class=\"wp-block-button__link has-white-color has-text-color has-background wp-element-button\" href=\"http:\/\/www.redesemfio.ufmg.br\/\" style=\"background-color:#9cbe9c\" target=\"_blank\" rel=\"noreferrer noopener\"> Rede sem fio da UFMG<\/a><\/div>\n<\/div>\n\n\n\n<div class=\"wp-block-columns alignfull has-text-color has-background is-layout-flex wp-container-core-columns-is-layout-9d6595d7 wp-block-columns-is-layout-flex\" style=\"color:#000000;background-color:#ffffff\">\n<div class=\"wp-block-column is-layout-flow wp-block-column-is-layout-flow\"><div class=\"wp-block-image is-style-default\">\n<figure class=\"aligncenter size-full\"><img loading=\"lazy\" decoding=\"async\" width=\"530\" height=\"413\" src=\"https:\/\/www.bu.ufmg.br\/bcentral\/wp-content\/uploads\/2022\/11\/redesemfio.png\" alt=\"\" class=\"wp-image-1279\" srcset=\"https:\/\/www.bu.ufmg.br\/bcentral\/wp-content\/uploads\/2022\/11\/redesemfio.png 530w, https:\/\/www.bu.ufmg.br\/bcentral\/wp-content\/uploads\/2022\/11\/redesemfio-300x234.png 300w, https:\/\/www.bu.ufmg.br\/bcentral\/wp-content\/uploads\/2022\/11\/redesemfio-77x60.png 77w\" sizes=\"auto, (max-width: 530px) 100vw, 530px\" \/><\/figure>\n<\/div><\/div>\n<\/div>\n\n\n\n<h2 class=\"wp-block-heading animated backInLeft has-text-color\" style=\"color:#9cbe9c\"><strong><strong>Mapa do campus<\/strong><\/strong><\/h2>\n\n\n\n<p>A imagem abaixo representa o Mapa do Campus Pampulha da UFMG, atualizado em Abril de 2022.<\/p>\n\n\n\n<div data-wp-interactive=\"core\/file\" class=\"wp-block-file\"><object data-wp-bind--hidden=\"!state.hasPdfPreview\" hidden class=\"wp-block-file__embed\" data=\"https:\/\/www.bu.ufmg.br\/bcentral\/wp-content\/uploads\/2022\/11\/Mapa-Campus-Pampulha-BH-2022-1.pdf\" type=\"application\/pdf\" style=\"width:100%;height:640px\" aria-label=\"Incorporado de Acessar documento no navegador.\"><\/object><a id=\"wp-block-file--media-443c4cae-66ba-4e3d-9568-719f9232daa2\" href=\"https:\/\/www.bu.ufmg.br\/bcentral\/wp-content\/uploads\/2022\/11\/Mapa-Campus-Pampulha-BH-2022-1.pdf\" target=\"_blank\" rel=\"noreferrer noopener\">Acessar documento no navegador<\/a><a href=\"https:\/\/www.bu.ufmg.br\/bcentral\/wp-content\/uploads\/2022\/11\/Mapa-Campus-Pampulha-BH-2022-1.pdf\" class=\"wp-block-file__button wp-element-button\" download aria-describedby=\"wp-block-file--media-443c4cae-66ba-4e3d-9568-719f9232daa2\">Baixar<\/a><\/div>\n\n\n\n<h2 class=\"wp-block-heading animated backInLeft has-text-color\" style=\"color:#9cbe9c\"><strong><strong>Hor\u00e1rios dos \u00f4nibus internos<\/strong><\/strong><\/h2>\n\n\n\n<p>O campus Pampulha conta com linhas internas de \u00f4nibus disponibilizadas para toda a comunidade. O transporte \u00e9 gratuito. Voc\u00ea pode acessar, na \u00edntegra, o servi\u00e7o de \u00f4nibus com os hor\u00e1rios e trajetos clicando no bot\u00e3o a seguir:<\/p>\n\n\n\n<div class=\"wp-block-buttons has-custom-font-size animated bounce has-medium-font-size is-horizontal is-content-justification-center is-layout-flex wp-container-core-buttons-is-layout-ddb39544 wp-block-buttons-is-layout-flex\">\n<div class=\"wp-block-button has-custom-width wp-block-button__width-50 is-style-outline is-style-outline--2\"><a class=\"wp-block-button__link has-white-color has-text-color has-background wp-element-button\" href=\"https:\/\/ufmg.br\/servicos\/onibus\" style=\"background-color:#9cbe9c\" target=\"_blank\" rel=\"noreferrer noopener\"> Servi\u00e7o de \u00d4nibus<\/a><\/div>\n<\/div>\n\n\n\n<div class=\"wp-block-columns alignfull has-text-color has-background is-layout-flex wp-container-core-columns-is-layout-9d6595d7 wp-block-columns-is-layout-flex\" style=\"color:#000000;background-color:#ffffff\">\n<div class=\"wp-block-column is-layout-flow wp-block-column-is-layout-flow\"><div class=\"wp-block-image is-style-default\">\n<figure class=\"aligncenter size-large is-resized\"><img loading=\"lazy\" decoding=\"async\" width=\"1024\" height=\"770\" src=\"https:\/\/www.bu.ufmg.br\/bcentral\/wp-content\/uploads\/2022\/11\/onibus-1024x770.png\" alt=\"teste\" class=\"wp-image-1303\" style=\"width:530px;height:413px\" srcset=\"https:\/\/www.bu.ufmg.br\/bcentral\/wp-content\/uploads\/2022\/11\/onibus-1024x770.png 1024w, https:\/\/www.bu.ufmg.br\/bcentral\/wp-content\/uploads\/2022\/11\/onibus-300x226.png 300w, https:\/\/www.bu.ufmg.br\/bcentral\/wp-content\/uploads\/2022\/11\/onibus-768x577.png 768w, https:\/\/www.bu.ufmg.br\/bcentral\/wp-content\/uploads\/2022\/11\/onibus-80x60.png 80w, https:\/\/www.bu.ufmg.br\/bcentral\/wp-content\/uploads\/2022\/11\/onibus-640x480.png 640w, https:\/\/www.bu.ufmg.br\/bcentral\/wp-content\/uploads\/2022\/11\/onibus-110x83.png 110w, https:\/\/www.bu.ufmg.br\/bcentral\/wp-content\/uploads\/2022\/11\/onibus.png 1044w\" sizes=\"auto, (max-width: 1024px) 100vw, 1024px\" \/><\/figure>\n<\/div>\n\n\n<p class=\"has-text-align-center has-small-font-size\">Imagem da parte frontal do \u00f4nibus interno Linha 4 dentro do campus UFMG (Autoria: Cristiane Leite\/Globo)<\/p>\n<\/div>\n<\/div>\n\n\n\n<h2 class=\"wp-block-heading animated backInLeft has-text-color\" style=\"color:#9cbe9c\"><strong><strong><strong>Achados e perdidos<\/strong><\/strong><\/strong><\/h2>\n\n\n\n<p>Os objetos encontrados nas depend\u00eancias da Biblioteca Central ser\u00e3o encaminhados ao Setor de Refer\u00eancia ou ao Setor de Apoio Operacional. Ao final de cada semestre, os itens que n\u00e3o forem identificados ou reivindicados ser\u00e3o destinados \u00e0 doa\u00e7\u00e3o ou descarte.<\/p>\n\n\n\n<h2 class=\"wp-block-heading animated backInLeft has-text-color\" style=\"color:#9cbe9c\"><strong><strong><strong>Ajuda em casos de urg\u00eancia <\/strong><\/strong>e<\/strong> <strong><strong><strong>emerg\u00eancia<\/strong><\/strong><\/strong><\/h2>\n\n\n\n<p>Estudantes, servidores e quaisquer pessoas que estejam na UFMG podem solicitar o apoio do <a href=\"https:\/\/www.ufmg.br\/prorh\/a-prorh\/estrutura-2\/dast-departamento-de-atencao-a-saude-do-trabalhador\/\" target=\"_blank\" rel=\"noreferrer noopener\">DAST<\/a>, o Departamento de Aten\u00e7\u00e3o \u00e0 Sa\u00fade do Trabalhador.<\/p>\n\n\n\n<p>Veja o fluxograma abaixo para entender como agir em casos de urg\u00eancia e emerg\u00eancia na Universidade:<\/p>\n\n\n<div class=\"wp-block-image\">\n<figure class=\"aligncenter size-large\"><img loading=\"lazy\" decoding=\"async\" width=\"724\" height=\"1024\" src=\"https:\/\/www.bu.ufmg.br\/bcentral\/wp-content\/uploads\/2022\/11\/image-12-724x1024.png\" alt=\"\" class=\"wp-image-2284\" srcset=\"https:\/\/www.bu.ufmg.br\/bcentral\/wp-content\/uploads\/2022\/11\/image-12-724x1024.png 724w, https:\/\/www.bu.ufmg.br\/bcentral\/wp-content\/uploads\/2022\/11\/image-12-212x300.png 212w, https:\/\/www.bu.ufmg.br\/bcentral\/wp-content\/uploads\/2022\/11\/image-12-768x1086.png 768w, https:\/\/www.bu.ufmg.br\/bcentral\/wp-content\/uploads\/2022\/11\/image-12-1086x1536.png 1086w, https:\/\/www.bu.ufmg.br\/bcentral\/wp-content\/uploads\/2022\/11\/image-12-1448x2048.png 1448w, https:\/\/www.bu.ufmg.br\/bcentral\/wp-content\/uploads\/2022\/11\/image-12-42x60.png 42w, https:\/\/www.bu.ufmg.br\/bcentral\/wp-content\/uploads\/2022\/11\/image-12.png 1810w\" sizes=\"auto, (max-width: 724px) 100vw, 724px\" \/><\/figure>\n<\/div>\n\n\n<p class=\"has-text-align-center has-small-font-size\"><a rel=\"noreferrer noopener\" href=\"https:\/\/www.ufmg.br\/saudemental\/na-ufmg\/orientacoes-para-crises\/\" target=\"_blank\">Orienta\u00e7\u00f5es para crises (Sa\u00fade Mental, UFMG)<\/a> \/  <a rel=\"noreferrer noopener\" href=\"https:\/\/www.ufmg.br\/saudemental\/wp-content\/uploads\/2020\/09\/Folheto_SEMANA-DO-SERVIDOR-UFMG.pdf\" target=\"_blank\">Baixar arquivo<\/a><\/p>\n\n\n\n<p>Existem dois n\u00facleos do DAST em Belo Horizonte: um no campus Pampulha e outro na regi\u00e3o central da cidade, dispon\u00edvel para atender o campus Sa\u00fade, a Faculdade de Direito e Ci\u00eancias do Estado e a Escola de Arquitetura.<\/p>\n\n\n\n<div id=\"wp-block-themeisle-blocks-accordion-62d98baa\" class=\"wp-block-themeisle-blocks-accordion exclusive is-style-boxed\">\n<details class=\"wp-block-themeisle-blocks-accordion-item ticss-094f42ac\"><summary class=\"wp-block-themeisle-blocks-accordion-item__title\"><div><strong>DAST: N\u00facleo Pampulha<\/strong><\/div><\/summary><div class=\"wp-block-themeisle-blocks-accordion-item__content\">\n<p>Endere\u00e7o: Avenida Ant\u00f4nio Carlos, 6627, Unidade Administrativa II, Pampulha<\/p>\n\n\n\n<ul class=\"wp-block-list\">\n<li>E-mail: pampulha@dast.ufmg.br<\/li>\n\n\n\n<li>Telefones:&nbsp;(31) 3409-4315<\/li>\n\n\n\n<li>Hor\u00e1rio:&nbsp;de segunda \u00e0 sexta-feira, das 7h \u00e0s 22h<\/li>\n<\/ul>\n\n\n\n<p>Apenas o n\u00facleo do campus Pampulha disp\u00f5e de ambul\u00e2ncia e estrutura para possibilitar que a pessoa medicada fique em observa\u00e7\u00e3o.<\/p>\n<\/div><\/details>\n\n\n\n<details class=\"wp-block-themeisle-blocks-accordion-item\"><summary class=\"wp-block-themeisle-blocks-accordion-item__title\"><div><strong>DAST: N\u00facleo Centro<\/strong><\/div><\/summary><div class=\"wp-block-themeisle-blocks-accordion-item__content\">\n<p>Endere\u00e7o: Alameda \u00c1lvaro Celso, 175, 7o andar, Santa Efig\u00eania<\/p>\n\n\n\n<ul class=\"wp-block-list\">\n<li>E-mail: centro@dast.ufmg.br<\/li>\n\n\n\n<li>Contato:&nbsp;(31) 3307-9564<\/li>\n\n\n\n<li>Hor\u00e1rio:&nbsp;de segunda \u00e0 sexta-feira, das 7h \u00e0s 19h<\/li>\n<\/ul>\n\n\n\n<p>Vale refor\u00e7ar que o DAST realiza apenas um breve atendimento, atuando com o acolhimento e orienta\u00e7\u00e3o da equipe de sa\u00fade do servi\u00e7o.<\/p>\n<\/div><\/details>\n\n\n\n<details class=\"wp-block-themeisle-blocks-accordion-item\"><summary class=\"wp-block-themeisle-blocks-accordion-item__title\"><div><strong>DAST: N\u00facleo Montes Claros &#8211; Casa da Sa\u00fade ICA<\/strong><\/div><\/summary><div class=\"wp-block-themeisle-blocks-accordion-item__content\">\n<p>Endere\u00e7o:&nbsp;Av. Universit\u00e1ria, 1000 &#8211; Universit\u00e1rio, Montes Claros &#8211; MG, 39404-547<\/p>\n\n\n\n<ul class=\"wp-block-list\">\n<li>E-mail: moc@dast.ufmg.br<\/li>\n\n\n\n<li>Contato:&nbsp;(38) 2101-7926<\/li>\n\n\n\n<li>Hor\u00e1rio:&nbsp;de segunda \u00e0 sexta-feira, das 7h \u00e0s 22h<\/li>\n<\/ul>\n<\/div><\/details>\n<\/div>\n\n\n\n<p><strong>Lembre-se:<\/strong> em caso de emerg\u00eancia, voc\u00ea pode acionar o <a href=\"https:\/\/www.ufmg.br\/prorh\/a-prorh\/estrutura-2\/dast-departamento-de-atencao-a-saude-do-trabalhador\/\" target=\"_blank\" rel=\"noreferrer noopener\">DAST<\/a> para realizar os primeiros atendimentos e\/ou fazer orienta\u00e7\u00f5es sobre encaminhamentos nos seguintes n\u00fameros:<\/p>\n\n\n\n<ul class=\"wp-block-list\">\n<li>(31) 3409-4499<\/li>\n\n\n\n<li>(31) 3409-4315<\/li>\n\n\n\n<li>(31) 3307-9564<\/li>\n<\/ul>\n\n\n\n<p>Voc\u00ea pode acionar o <strong>SAMU<\/strong> (192) ou o <strong>Corpo de Bombeiros<\/strong> (193).&nbsp;<\/p>\n\n\n\n<p>Pode tamb\u00e9m encaminhar a pessoa em crise para os servi\u00e7os de Sa\u00fade Mental da&nbsp;<a rel=\"noreferrer noopener\" href=\"https:\/\/prefeitura.pbh.gov.br\/saude\/informacoes\/atencao-a-saude\/saude-mental\" target=\"_blank\">Rede de Aten\u00e7\u00e3o Psicossocial (RAPS)<\/a>&nbsp;de Belo Horizonte.<\/p>\n\n\n\n<p>Caso esteja em outro munic\u00edpio mineiro, incluindo Montes Claros, acesse&nbsp;as informa\u00e7\u00f5es da <a rel=\"noreferrer noopener\" href=\"https:\/\/www.saude.mg.gov.br\/component\/gmg\/page\/1636-saude-mental#raps\" target=\"_blank\">RAPS de Minas Gerais<\/a>.<\/p>\n","protected":false},"excerpt":{"rendered":"<p>Wi-Fi UFMG O usu\u00e1rio cadastrado no sistema MinhaUFMG pode acessar a rede sem fio na biblioteca.&nbsp; Para utilizar os servi\u00e7os &hellip; <\/p>\n","protected":false},"author":1,"featured_media":1297,"parent":0,"menu_order":0,"comment_status":"closed","ping_status":"closed","template":"","meta":{"_themeisle_gutenberg_block_has_review":false,"footnotes":""},"class_list":["post-122","page","type-page","status-publish","has-post-thumbnail","hentry"],"_links":{"self":[{"href":"https:\/\/www.bu.ufmg.br\/bcentral\/wp-json\/wp\/v2\/pages\/122","targetHints":{"allow":["GET"]}}],"collection":[{"href":"https:\/\/www.bu.ufmg.br\/bcentral\/wp-json\/wp\/v2\/pages"}],"about":[{"href":"https:\/\/www.bu.ufmg.br\/bcentral\/wp-json\/wp\/v2\/types\/page"}],"author":[{"embeddable":true,"href":"https:\/\/www.bu.ufmg.br\/bcentral\/wp-json\/wp\/v2\/users\/1"}],"replies":[{"embeddable":true,"href":"https:\/\/www.bu.ufmg.br\/bcentral\/wp-json\/wp\/v2\/comments?post=122"}],"version-history":[{"count":30,"href":"https:\/\/www.bu.ufmg.br\/bcentral\/wp-json\/wp\/v2\/pages\/122\/revisions"}],"predecessor-version":[{"id":3187,"href":"https:\/\/www.bu.ufmg.br\/bcentral\/wp-json\/wp\/v2\/pages\/122\/revisions\/3187"}],"wp:featuredmedia":[{"embeddable":true,"href":"https:\/\/www.bu.ufmg.br\/bcentral\/wp-json\/wp\/v2\/media\/1297"}],"wp:attachment":[{"href":"https:\/\/www.bu.ufmg.br\/bcentral\/wp-json\/wp\/v2\/media?parent=122"}],"curies":[{"name":"wp","href":"https:\/\/api.w.org\/{rel}","templated":true}]}}