{"id":109,"date":"2022-10-10T21:57:56","date_gmt":"2022-10-11T00:57:56","guid":{"rendered":"https:\/\/www.bu.ufmg.br\/bcentral\/?page_id=109"},"modified":"2024-09-19T15:53:32","modified_gmt":"2024-09-19T18:53:32","slug":"espaco-de-estudo","status":"publish","type":"page","link":"https:\/\/www.bu.ufmg.br\/bcentral\/espaco-de-estudo\/","title":{"rendered":"Espa\u00e7os de Estudo"},"content":{"rendered":"\n<p>A biblioteca Central oferece ambientes para estudo individual, estudo em grupo e espa\u00e7os para exposi\u00e7\u00f5es. Aqui voc\u00ea vai conhecer um pouco mais sobre alguns espa\u00e7os de estudo:<\/p>\n\n\n\n<ul class=\"wp-block-list\">\n<li>Segundo andar: disp\u00f5e de cabines para estudos individuais;<\/li>\n\n\n\n<li>Terceiro andar: sal\u00e3o de estudos, dividido entre mesas e cabines para estudo em grupo e estudo individual.<\/li>\n<\/ul>\n\n\n\n<div id=\"wp-block-themeisle-blocks-slider-e3de4c10\" class=\"wp-block-themeisle-blocks-slider glide\" data-per-view=\"1\" data-gap=\"0\" data-peek=\"0\" data-autoplay=\"true\" data-height=\"717px\" data-hide-arrows=\"false\"><div class=\"glide__track\" data-glide-el=\"track\"><div class=\"glide__slides\"><div class=\"wp-block-themeisle-blocks-slider-item-wrapper glide__slide\" tabindex=\"0\"><figure><img decoding=\"async\" class=\"wp-block-themeisle-blocks-slider-item\" src=\"https:\/\/www.bu.ufmg.br\/bcentral\/wp-content\/uploads\/2022\/10\/20220816_111128-1-scaled.jpg\" alt=\"\" title=\"\" data-id=\"1021\"\/><figcaption>Cleide Vieira de Faria \/ Espa\u00e7o de estudo BC UFMG<\/figcaption><\/figure><\/div><div class=\"wp-block-themeisle-blocks-slider-item-wrapper glide__slide\" tabindex=\"0\"><figure><img decoding=\"async\" class=\"wp-block-themeisle-blocks-slider-item\" src=\"https:\/\/www.bu.ufmg.br\/bcentral\/wp-content\/uploads\/2022\/10\/espaco-estudo_594x396_acf_cropped.jpg\" alt=\"\" title=\"\" data-id=\"1128\"\/><figcaption>Foto: Lucas Braga\/UFMG<\/figcaption><\/figure><\/div><div class=\"wp-block-themeisle-blocks-slider-item-wrapper glide__slide\" tabindex=\"0\"><figure><img decoding=\"async\" class=\"wp-block-themeisle-blocks-slider-item\" src=\"https:\/\/www.bu.ufmg.br\/bcentral\/wp-content\/uploads\/2022\/10\/20210915_193350-1-scaled.jpg\" alt=\"\" title=\"\" data-id=\"1015\"\/><\/figure><\/div><div class=\"wp-block-themeisle-blocks-slider-item-wrapper glide__slide\" tabindex=\"0\"><figure><img decoding=\"async\" class=\"wp-block-themeisle-blocks-slider-item\" src=\"https:\/\/www.bu.ufmg.br\/bcentral\/wp-content\/uploads\/2022\/10\/20210915_193318-1-scaled.jpg\" alt=\"\" title=\"\" data-id=\"1014\"\/><\/figure><\/div><div class=\"wp-block-themeisle-blocks-slider-item-wrapper glide__slide\" tabindex=\"0\"><figure><img decoding=\"async\" class=\"wp-block-themeisle-blocks-slider-item\" src=\"https:\/\/www.bu.ufmg.br\/bcentral\/wp-content\/uploads\/2022\/10\/20220816_111029-1-scaled.jpg\" alt=\"\" title=\"\" data-id=\"1020\"\/><\/figure><\/div><div class=\"wp-block-themeisle-blocks-slider-item-wrapper glide__slide\" tabindex=\"0\"><figure><img decoding=\"async\" class=\"wp-block-themeisle-blocks-slider-item\" src=\"https:\/\/www.bu.ufmg.br\/bcentral\/wp-content\/uploads\/2022\/10\/20220816_111004-1-scaled.jpg\" alt=\"\" title=\"\" data-id=\"1019\"\/><figcaption>Cleide Vieira de Faria \/ Espa\u00e7o de estudo BC UFMG<\/figcaption><\/figure><\/div><\/div><div class=\"glide__bullets\" data-glide-el=\"controls[nav]\"><button class=\"glide__bullet\" data-glide-dir=\"=0\"><\/button><button class=\"glide__bullet\" data-glide-dir=\"=1\"><\/button><button class=\"glide__bullet\" data-glide-dir=\"=2\"><\/button><button class=\"glide__bullet\" data-glide-dir=\"=3\"><\/button><button class=\"glide__bullet\" data-glide-dir=\"=4\"><\/button><button class=\"glide__bullet\" data-glide-dir=\"=5\"><\/button><\/div><\/div><\/div>\n\n\n\n<p class=\"has-text-align-center has-small-font-size\">Carrossel apresentando imagens do Espa\u00e7o de Leitura (Autoria: Cleide Vieira de Faria)<\/p>\n","protected":false},"excerpt":{"rendered":"<p>A biblioteca Central oferece ambientes para estudo individual, estudo em grupo e espa\u00e7os para exposi\u00e7\u00f5es. Aqui voc\u00ea vai conhecer um &hellip; <\/p>\n","protected":false},"author":1,"featured_media":1130,"parent":0,"menu_order":0,"comment_status":"closed","ping_status":"closed","template":"","meta":{"_themeisle_gutenberg_block_has_review":false,"footnotes":""},"class_list":["post-109","page","type-page","status-publish","has-post-thumbnail","hentry"],"_links":{"self":[{"href":"https:\/\/www.bu.ufmg.br\/bcentral\/wp-json\/wp\/v2\/pages\/109","targetHints":{"allow":["GET"]}}],"collection":[{"href":"https:\/\/www.bu.ufmg.br\/bcentral\/wp-json\/wp\/v2\/pages"}],"about":[{"href":"https:\/\/www.bu.ufmg.br\/bcentral\/wp-json\/wp\/v2\/types\/page"}],"author":[{"embeddable":true,"href":"https:\/\/www.bu.ufmg.br\/bcentral\/wp-json\/wp\/v2\/users\/1"}],"replies":[{"embeddable":true,"href":"https:\/\/www.bu.ufmg.br\/bcentral\/wp-json\/wp\/v2\/comments?post=109"}],"version-history":[{"count":16,"href":"https:\/\/www.bu.ufmg.br\/bcentral\/wp-json\/wp\/v2\/pages\/109\/revisions"}],"predecessor-version":[{"id":3048,"href":"https:\/\/www.bu.ufmg.br\/bcentral\/wp-json\/wp\/v2\/pages\/109\/revisions\/3048"}],"wp:featuredmedia":[{"embeddable":true,"href":"https:\/\/www.bu.ufmg.br\/bcentral\/wp-json\/wp\/v2\/media\/1130"}],"wp:attachment":[{"href":"https:\/\/www.bu.ufmg.br\/bcentral\/wp-json\/wp\/v2\/media?parent=109"}],"curies":[{"name":"wp","href":"https:\/\/api.w.org\/{rel}","templated":true}]}}