{"id":107,"date":"2022-10-10T21:57:56","date_gmt":"2022-10-11T00:57:56","guid":{"rendered":"https:\/\/www.bu.ufmg.br\/bcentral\/?page_id=107"},"modified":"2024-09-19T13:09:49","modified_gmt":"2024-09-19T16:09:49","slug":"acessibilidade","status":"publish","type":"page","link":"https:\/\/www.bu.ufmg.br\/bcentral\/acessibilidade\/","title":{"rendered":"Acessibilidade"},"content":{"rendered":"\n<p>As iniciativas de acessibilidade da BC t\u00eam como objetivo garantir a utiliza\u00e7\u00e3o segura e aut\u00f4noma, seja total ou assistida, dos espa\u00e7os, mobili\u00e1rios e equipamentos. Isso inclui proporcionar acesso \u00e0s edifica\u00e7\u00f5es, facilitar o uso de dispositivos, sistemas e meios de comunica\u00e7\u00e3o e informa\u00e7\u00e3o, al\u00e9m de disponibilizar os acervos.<\/p>\n\n\n\n<p>A BC empenha-se em conhecer e respeitar as diferen\u00e7as, buscando eliminar barreiras e obst\u00e1culos que possam dificultar ou impedir o acesso e o acolhimento de pessoas com defici\u00eancia.<\/p>\n\n\n\n<ul class=\"wp-block-list\"><\/ul>\n\n\n\n<h2 class=\"wp-block-heading animated backInLeft has-text-color\" style=\"color:#9cbe9c\">Dimens\u00e3o urbana da acessibilidade<\/h2>\n\n\n\n<p>A Biblioteca Central n\u00e3o se preocupa apenas com a acessibilidade interna do edif\u00edcio, mas tamb\u00e9m com seu entorno. Foram considerados aspectos como pontos de \u00f4nibus com sinaliza\u00e7\u00e3o para deficientes visuais, cal\u00e7adas rebaixadas, rampas para cadeirantes e vagas de estacionamento sinalizadas, localizadas pr\u00f3ximas \u00e0 entrada principal.<\/p>\n\n\n\n<p>Dentro da biblioteca, h\u00e1 rampas de acesso, corrim\u00e3os, sinaliza\u00e7\u00e3o t\u00e1til e elevadores. Os espa\u00e7os s\u00e3o amplos, bem iluminados, com banheiros adaptados e bebedouros acess\u00edveis.<\/p>\n\n\n\n<p>Al\u00e9m disso, a biblioteca disponibiliza lupas eletr\u00f4nicas para aumento de textos e imagens, computadores com leitor de tela e teclados adaptados para deficientes visuais, al\u00e9m de esta\u00e7\u00f5es de trabalho ajustadas para cadeirantes. Tamb\u00e9m oferece scanners para digitaliza\u00e7\u00e3o de materiais.<\/p>\n\n\n\n<p>O acervo inclui obras liter\u00e1rias e informativas em Braille, bem como material audiovisual acess\u00edvel.<\/p>\n\n\n\n<ul class=\"wp-block-list\"><\/ul>\n\n\n\n<h2 class=\"wp-block-heading animated backInLeft has-text-color\" style=\"color:#9cbe9c\">N\u00facleo de Acessibilidade e Inclus\u00e3o (NAI)<\/h2>\n\n\n\n<p>O NAI objetiva eliminar ou reduzir barreiras pedag\u00f3gicas, instrumentais, arquitet\u00f4nicas, de comunica\u00e7\u00e3o e informa\u00e7\u00e3o, impulsionando o cumprimento dos requisitos legais de acessibilidade;\u00a0<\/p>\n\n\n\n<p>Compete ao NAI a proposi\u00e7\u00e3o, organiza\u00e7\u00e3o, coordena\u00e7\u00e3o e execu\u00e7\u00e3o de a\u00e7\u00f5es para assegurar a inclus\u00e3o de pessoas com defici\u00eancia \u00e0 vida acad\u00eamica e profissional.\u00a0<\/p>\n\n\n\n<ul class=\"wp-block-list\"><\/ul>\n\n\n\n<p>Clique no bot\u00e3o a seguir para conhecer na \u00edntegra o N\u00facleo de Acessibilidade e Inclus\u00e3o (NAI) e seus servi\u00e7os:<\/p>\n\n\n\n<div class=\"wp-block-buttons has-custom-font-size animated bounce has-medium-font-size is-horizontal is-content-justification-center is-layout-flex wp-container-core-buttons-is-layout-ddb39544 wp-block-buttons-is-layout-flex\">\n<div class=\"wp-block-button has-custom-width wp-block-button__width-50 is-style-outline is-style-outline--1\"><a class=\"wp-block-button__link has-white-color has-text-color has-background wp-element-button\" href=\"https:\/\/www.ufmg.br\/nai\/\" style=\"background-color:#9cbe9c\" target=\"_blank\" rel=\"noreferrer noopener\">Acessar o NAI<\/a><\/div>\n<\/div>\n\n\n\n<div class=\"wp-block-columns alignfull has-text-color has-background is-layout-flex wp-container-core-columns-is-layout-9d6595d7 wp-block-columns-is-layout-flex\" style=\"color:#000000;background-color:#ffffff\">\n<div class=\"wp-block-column is-layout-flow wp-block-column-is-layout-flow\"><div class=\"wp-block-image is-style-default\">\n<figure class=\"aligncenter size-full is-resized\"><img loading=\"lazy\" decoding=\"async\" width=\"360\" height=\"339\" src=\"https:\/\/www.bu.ufmg.br\/bcentral\/wp-content\/uploads\/2022\/10\/simbolo-acessibilidade.png\" alt=\"\" class=\"wp-image-1087\" style=\"width:268px;height:252px\" srcset=\"https:\/\/www.bu.ufmg.br\/bcentral\/wp-content\/uploads\/2022\/10\/simbolo-acessibilidade.png 360w, https:\/\/www.bu.ufmg.br\/bcentral\/wp-content\/uploads\/2022\/10\/simbolo-acessibilidade-300x283.png 300w, https:\/\/www.bu.ufmg.br\/bcentral\/wp-content\/uploads\/2022\/10\/simbolo-acessibilidade-64x60.png 64w\" sizes=\"auto, (max-width: 360px) 100vw, 360px\" \/><\/figure>\n<\/div><\/div>\n<\/div>\n\n\n\n<h2 class=\"wp-block-heading animated backInLeft has-text-color\" style=\"color:#9cbe9c\">Acessibilidade no Portal da Biblioteca Central<\/h2>\n\n\n\n<p>O novo portal da BC foi desenvolvido procurando atender recomenda\u00e7\u00f5es de compatibilidade de acordo com as orienta\u00e7\u00f5es das Diretrizes de Acessibilidade para o Conte\u00fado da Web do <a rel=\"noreferrer noopener\" href=\"https:\/\/www.w3.org\/WAI\/standards-guidelines\/wcag\/\" target=\"_blank\"><strong>World Content Accessibility Guide<\/strong><\/a> (WCAG) do W3C&nbsp;e, no caso do governo federal, ao e-MAG (<a rel=\"noreferrer noopener\" href=\"http:\/\/emag.governoeletronico.gov.br\/\" target=\"_blank\"><strong>Modelo de Acessibilidade em Governo Eletr\u00f4nico<\/strong><\/a>). O e-MAG est\u00e1 alinhado \u00e0s recomenda\u00e7\u00f5es internacionais, mas estabelece padr\u00f5es de comportamento acess\u00edvel para sites da administra\u00e7\u00e3o p\u00fablica federal.<\/p>\n\n\n\n<p>A acessibilidade no site da BC est\u00e1 contemplada por dois plugins:  <a rel=\"noreferrer noopener\" href=\"https:\/\/wordpress.org\/plugins\/pojo-accessibility\/\" target=\"_blank\"><strong>One Click Accessibility<\/strong><\/a> e <a rel=\"noreferrer noopener\" href=\"https:\/\/www.gov.br\/governodigital\/pt-br\/vlibras\" target=\"_blank\"><strong>Vlibras<\/strong><\/a>. Ambos podem ser acessados a qualquer momento, tanto em desktops quanto em plataformas mobile. <\/p>\n\n\n\n<h3 class=\"wp-block-heading animated backInLeft has-text-color\" style=\"color:#9cbe9c\">One Click Accessibility<\/h3>\n\n\n\n<p>Para ter total acesso ao kit de ferramentas de acessibilidade (Toolkit) do One Click Accessibility, acesse o \u00edcone de uma pessoa cadeirante, localizado no canto superior direito do nosso site (em qualquer p\u00e1gina).<\/p>\n\n\n\n<figure class=\"wp-block-image size-full is-resized\"><img loading=\"lazy\" decoding=\"async\" width=\"63\" height=\"57\" src=\"https:\/\/www.bu.ufmg.br\/bcentral\/wp-content\/uploads\/2022\/11\/image-14.png\" alt=\"\" class=\"wp-image-2536\" style=\"width:48px;height:43px\"\/><\/figure>\n\n\n\n<p>Ao clicar no \u00edcone, voc\u00ea ter\u00e1 acesso \u00e0s seguintes ferramentas:<\/p>\n\n\n\n<ul class=\"wp-block-list\">\n<li>Redimensionar fonte (aumentar\/diminuir)<\/li>\n\n\n\n<li>Escala de cinza<\/li>\n\n\n\n<li>Contraste Negativo<\/li>\n\n\n\n<li>Alto Contraste<\/li>\n\n\n\n<li>Fundo claro<\/li>\n\n\n\n<li>Links Sublinhado<\/li>\n\n\n\n<li>Fonte leg\u00edvel<\/li>\n\n\n\n<li>Link para:\n<ul class=\"wp-block-list\">\n<li><a href=\"https:\/\/www.bu.ufmg.br\/bcentral\/mapa-do-site\/\" target=\"_blank\" rel=\"noreferrer noopener\">Mapa do Site<\/a><\/li>\n\n\n\n<li><a href=\"https:\/\/www.bu.ufmg.br\/bcentral\/fale-conosco\/\" target=\"_blank\" rel=\"noreferrer noopener\">Feedback<\/a><\/li>\n\n\n\n<li><a href=\"https:\/\/www.bu.ufmg.br\/bcentral\/fale-conosco\/\" target=\"_blank\" rel=\"noreferrer noopener\">P\u00e1gina de Ajuda<\/a><\/li>\n<\/ul>\n<\/li>\n<\/ul>\n\n\n\n<h3 class=\"wp-block-heading animated backInLeft has-text-color\" style=\"color:#9cbe9c\">VLibras<\/h3>\n\n\n\n<p>O VLibras \u00e9 um conjunto de ferramentas gratuitas e de c\u00f3digo aberto que traduz conte\u00fados digitais (texto, \u00e1udio e v\u00eddeo) em Portugu\u00eas para Libras, tornando computadores, celulares e plataformas Web mais acess\u00edveis para as pessoas surdas.<\/p>\n\n\n\n<p>O Vlibras \u00e9 o resultado de uma parceria entre o Minist\u00e9rio da Economia (ME), por meio da Secretaria de Governo Digital (SGD), e a Universidade Federal da Para\u00edba (UFPB), atrav\u00e9s do Laborat\u00f3rio de Aplica\u00e7\u00f5es de V\u00eddeo Digital (LAVID).<\/p>\n\n\n\n<p>Para acessar o VLibras, basta clicar no \u00edcone azul com duas m\u00e3os, localizado no canto superior direito do nosso site (em qualquer p\u00e1gina).<\/p>\n\n\n\n<figure class=\"wp-block-image size-full\"><img loading=\"lazy\" decoding=\"async\" width=\"51\" height=\"48\" src=\"https:\/\/www.bu.ufmg.br\/bcentral\/wp-content\/uploads\/2022\/11\/image-15.png\" alt=\"\" class=\"wp-image-2537\"\/><\/figure>\n\n\n\n<p>Ao clicar no \u00edcone, as pr\u00f3ximas telas ser\u00e3o exibidas, permitindo o acesso \u00e0s tradu\u00e7\u00f5es de todo o conte\u00fado do site:<\/p>\n\n\n\n<div class=\"wp-block-columns is-layout-flex wp-container-core-columns-is-layout-9d6595d7 wp-block-columns-is-layout-flex\">\n<div class=\"wp-block-column is-vertically-aligned-center is-layout-flow wp-block-column-is-layout-flow\">\n<figure class=\"wp-block-image size-full\"><img loading=\"lazy\" decoding=\"async\" width=\"307\" height=\"458\" src=\"https:\/\/www.bu.ufmg.br\/bcentral\/wp-content\/uploads\/2022\/11\/image-20.png\" alt=\"\" class=\"wp-image-2542\" srcset=\"https:\/\/www.bu.ufmg.br\/bcentral\/wp-content\/uploads\/2022\/11\/image-20.png 307w, https:\/\/www.bu.ufmg.br\/bcentral\/wp-content\/uploads\/2022\/11\/image-20-201x300.png 201w, https:\/\/www.bu.ufmg.br\/bcentral\/wp-content\/uploads\/2022\/11\/image-20-40x60.png 40w\" sizes=\"auto, (max-width: 307px) 100vw, 307px\" \/><\/figure>\n<\/div>\n\n\n\n<div class=\"wp-block-column is-layout-flow wp-block-column-is-layout-flow\">\n<figure class=\"wp-block-image size-full\"><img loading=\"lazy\" decoding=\"async\" width=\"307\" height=\"458\" src=\"https:\/\/www.bu.ufmg.br\/bcentral\/wp-content\/uploads\/2022\/11\/image-19.png\" alt=\"\" class=\"wp-image-2541\" srcset=\"https:\/\/www.bu.ufmg.br\/bcentral\/wp-content\/uploads\/2022\/11\/image-19.png 307w, https:\/\/www.bu.ufmg.br\/bcentral\/wp-content\/uploads\/2022\/11\/image-19-201x300.png 201w, https:\/\/www.bu.ufmg.br\/bcentral\/wp-content\/uploads\/2022\/11\/image-19-40x60.png 40w\" sizes=\"auto, (max-width: 307px) 100vw, 307px\" \/><\/figure>\n<\/div>\n<\/div>\n","protected":false},"excerpt":{"rendered":"<p>As iniciativas de acessibilidade da BC t\u00eam como objetivo garantir a utiliza\u00e7\u00e3o segura e aut\u00f4noma, seja total ou assistida, dos &hellip; <\/p>\n","protected":false},"author":1,"featured_media":1449,"parent":0,"menu_order":0,"comment_status":"closed","ping_status":"closed","template":"","meta":{"_themeisle_gutenberg_block_has_review":false,"footnotes":""},"class_list":["post-107","page","type-page","status-publish","has-post-thumbnail","hentry"],"_links":{"self":[{"href":"https:\/\/www.bu.ufmg.br\/bcentral\/wp-json\/wp\/v2\/pages\/107","targetHints":{"allow":["GET"]}}],"collection":[{"href":"https:\/\/www.bu.ufmg.br\/bcentral\/wp-json\/wp\/v2\/pages"}],"about":[{"href":"https:\/\/www.bu.ufmg.br\/bcentral\/wp-json\/wp\/v2\/types\/page"}],"author":[{"embeddable":true,"href":"https:\/\/www.bu.ufmg.br\/bcentral\/wp-json\/wp\/v2\/users\/1"}],"replies":[{"embeddable":true,"href":"https:\/\/www.bu.ufmg.br\/bcentral\/wp-json\/wp\/v2\/comments?post=107"}],"version-history":[{"count":28,"href":"https:\/\/www.bu.ufmg.br\/bcentral\/wp-json\/wp\/v2\/pages\/107\/revisions"}],"predecessor-version":[{"id":3027,"href":"https:\/\/www.bu.ufmg.br\/bcentral\/wp-json\/wp\/v2\/pages\/107\/revisions\/3027"}],"wp:featuredmedia":[{"embeddable":true,"href":"https:\/\/www.bu.ufmg.br\/bcentral\/wp-json\/wp\/v2\/media\/1449"}],"wp:attachment":[{"href":"https:\/\/www.bu.ufmg.br\/bcentral\/wp-json\/wp\/v2\/media?parent=107"}],"curies":[{"name":"wp","href":"https:\/\/api.w.org\/{rel}","templated":true}]}}